{"id":15690,"date":"2009-03-01T17:54:37","date_gmt":"2009-03-01T15:54:37","guid":{"rendered":"http:\/\/test.graswurzel.net\/gwr\/produkt\/ich-revoltiere-also-sind-wir\/"},"modified":"2018-08-16T19:38:16","modified_gmt":"2018-08-16T17:38:16","slug":"ich-revoltiere-also-sind-wir","status":"publish","type":"product","link":"https:\/\/www.graswurzel.net\/gwr\/produkt\/ich-revoltiere-also-sind-wir\/","title":{"rendered":"\u201eIch revoltiere, also sind wir\u201c"},"content":{"rendered":"<p>Brigitte S\u00e4ndig (Hg.)<br \/>\n<b>&#8222;Ich revoltiere, also sind wir.&#8220;<\/b><br \/>\nNach dem Mauerfall: Diskussion um Albert Camus&#8216; &#8222;Der Mensch in der Revolte&#8220;<\/p>\n<p>191 Seiten<br \/>\nISBN 978-3-939045-10-6<\/p>\n<p>Vom 15.-16. Juni 1991 fand in Berlin im Gro\u00dfen Saal eines fr\u00fcheren Geb\u00e4udes der Sozialistischen Einheitspartei eine gemeinsame Tagung der Evangelischen Akademie Berlin-Brandenburg, des Zentralinstituts f\u00fcr Literaturgeschichte und des Franz\u00f6sischen Kulturzentrums statt &#8211; eine einmalige Zusammenarbeit von Institutionen, wie es sie vor- und nachher nie wieder gab. Titel der Tagung war: &#8222;Ich revoltiere, also sind wir.&#8220; Albert Camus&#8216; politisches Hauptwerk, Der Mensch in der Revolte wurde vierzig Jahre nach seinem Erscheinen auf seine Kritik an den geistigen Grundlagen des autorit\u00e4ren Sozialismus befragt. Die Beitr\u00e4ge dieser Tagung werden in diesem Buch der \u00d6ffentlichkeit vorgestellt.<\/p>\n<p>Viele der rund 100 Menschen im Saal hatten zu DDR-Zeiten politische Verweigerungshaltungen und mehr oder weniger gro\u00dfe Abweichungen vom allgemeinen Konformismus ge\u00fcbt. Sie hatten in den Jahren Gorbatschows politische Ver\u00e4nderungen gefordert und dann den unerwarteten Erfolg mutiger und fantasievoller Aktionen erlebt. Gemeinschaftlichkeit und Solidarit\u00e4t waren f\u00fcr sie noch lebendig. Sie verstanden sich daher als Revoltierende im Sinne Camus&#8216;.<\/p>\n<p>Die Herausgeberin, Brigitte S\u00e4ndig, hatte schon in den Achtzigerjahren die erste Camus-Biografie in der DDR ver\u00f6ffentlicht. Zur Zeit der Tagung 1991 war sie als Romanistin und wiss. Mitarbeiterin am Zentralinstitut f\u00fcr Literaturgeschichte, Berlin, besch\u00e4ftigt. Heute ist sie Professorin f\u00fcr Romanische Literaturwissenschaft \/ Franz\u00f6sisch an der Universit\u00e4t Potsdam.<\/p>\n","protected":false},"excerpt":{"rendered":"<p>Vom 15.-16. Juni 1991 fand in Berlin im Gro\u00dfen Saal eines fr\u00fcheren Geb\u00e4udes der Sozialistischen Einheitspartei eine gemeinsame Tagung der Evangelischen Akademie Berlin-Brandenburg, des Zentralinstituts f\u00fcr Literaturgeschichte und des Franz\u00f6sischen Kulturzentrums statt &#8211; eine einmalige Zusammenarbeit von Institutionen, wie es sie vor- und nachher nie wieder gab. Titel der Tagung war: &#8222;Ich revoltiere, also sind wir.&#8220;<\/p>\n","protected":false},"featured_media":16935,"template":"","meta":{"slim_seo":{"title":"\u201eIch revoltiere, also sind wir\u201c - graswurzelrevolution","description":"Vom 15.-16. Juni 1991 fand in Berlin im Gro\u00dfen Saal eines fr\u00fcheren Geb\u00e4udes der Sozialistischen Einheitspartei eine gemeinsame Tagung der Evangelischen Akademie"}},"product_brand":[],"product_cat":[923],"product_tag":[992],"class_list":{"0":"post-15690","1":"product","2":"type-product","3":"status-publish","4":"has-post-thumbnail","6":"product_cat-buchverlag","7":"product_tag-camus","9":"first","10":"instock","11":"taxable","12":"shipping-taxable","13":"purchasable","14":"product-type-simple"},"_links":{"self":[{"href":"https:\/\/www.graswurzel.net\/gwr\/wp-json\/wp\/v2\/product\/15690","targetHints":{"allow":["GET"]}}],"collection":[{"href":"https:\/\/www.graswurzel.net\/gwr\/wp-json\/wp\/v2\/product"}],"about":[{"href":"https:\/\/www.graswurzel.net\/gwr\/wp-json\/wp\/v2\/types\/product"}],"wp:featuredmedia":[{"embeddable":true,"href":"https:\/\/www.graswurzel.net\/gwr\/wp-json\/wp\/v2\/media\/16935"}],"wp:attachment":[{"href":"https:\/\/www.graswurzel.net\/gwr\/wp-json\/wp\/v2\/media?parent=15690"}],"wp:term":[{"taxonomy":"product_brand","embeddable":true,"href":"https:\/\/www.graswurzel.net\/gwr\/wp-json\/wp\/v2\/product_brand?post=15690"},{"taxonomy":"product_cat","embeddable":true,"href":"https:\/\/www.graswurzel.net\/gwr\/wp-json\/wp\/v2\/product_cat?post=15690"},{"taxonomy":"product_tag","embeddable":true,"href":"https:\/\/www.graswurzel.net\/gwr\/wp-json\/wp\/v2\/product_tag?post=15690"}],"curies":[{"name":"wp","href":"https:\/\/api.w.org\/{rel}","templated":true}]}}