{"id":15802,"date":"2015-11-23T18:21:02","date_gmt":"2015-11-23T16:21:02","guid":{"rendered":"http:\/\/test.graswurzel.net\/gwr\/?post_type=product&#038;p=15802"},"modified":"2018-08-08T19:01:30","modified_gmt":"2018-08-08T17:01:30","slug":"gegengeschichten-oder-versoehnung","status":"publish","type":"product","link":"https:\/\/www.graswurzel.net\/gwr\/produkt\/gegengeschichten-oder-versoehnung\/","title":{"rendered":"Gegengeschichten oder Vers\u00f6hnung?"},"content":{"rendered":"<p>Alexandre Froidevaux<br \/>\n<b>Gegengeschichten oder Vers\u00f6hnung?<\/b><br \/>\nErinnerungskulturen und Geschichte der spanischen Arbeiterbewegung vom B\u00fcrgerkrieg bis zur &#8222;Transici\u00f3n&#8220; (1936-1982)<\/p>\n<p>600 Seiten, 28,90 Euro<br \/>\nISBN 978-3-939045-25-0<\/p>\n<p>Soziale Revolution versus Konterrevolution, antifaschistischer Kampf, Unabh\u00e4ngigkeitskrieg &#8211; vielf\u00e4ltig waren die Geschichtsbilder, die sich die verschiedenen Str\u00f6mungen der spanischen Arbeiterbewegung vom B\u00fcrgerkrieg (1936-1939) machten. Die Erinnerungen an die Ereignisse jener Jahre (libert\u00e4re Revolution, Kriegshandlungen, franquistische Repression) pr\u00e4gten das Selbstverst\u00e4ndnis der anarchistischen, sozialistischen und kommunistischen AktivistInnen und ihrer Organisationen in den Jahrzehnten danach. Die innerlinken K\u00e4mpfe der B\u00fcrgerkriegszeit belasteten jedoch den Widerstand gegen die Franco-Diktatur (1939-1975). Alexandre Froidevaux legt nach jahrelanger Erforschung spanischer Quellen und Archive erstmals eine \u00fcbergreifende Erinnerungsgeschichte der spanischen Arbeiterbewegung vor: ausgehend vom B\u00fcrgerkrieg \u00fcber die Zeit des Franquismus bis hin zur &#8222;Transici\u00f3n&#8220; (1975-1982), der Zeit des \u00dcbergangs zur Demokratie. Er analysiert geschichtspolitische Debatten, die linken Opfererinnerungen, wie die Linken durch R\u00fcckbezug auf die Vergangenheit politische Identit\u00e4ten ausbildeten und wie sich diese wandelten. Seine These ist, dass die Arbeiterbewegung h\u00e4ufig &#8222;in Geschichte sprach&#8220;. Nach einem Generationenwechsel, w\u00e4hrend der zweiten Phase der Franco-Diktatur, h\u00f6rte sie zwar gewisserma\u00dfen damit auf, aber letztlich konnte sie doch nicht von der Geschichte lassen. Das Buch ist auch eine politische Geschichte der spanischen Linken von 1936 bis 1982. Der Autor stellt die wichtigsten Diskussionen und Entwicklungen des Antifranquismus dar. Er beschreibt das Zustandekommen der politischen Kompromisse der &#8222;Transici\u00f3n&#8220;, ohne die das heutige Spanien nicht zu verstehen ist.<\/p>\n","protected":false},"excerpt":{"rendered":"<p>Soziale Revolution versus Konterrevolution, antifaschistischer Kampf, Unabh\u00e4ngigkeitskrieg &#8211; vielf\u00e4ltig waren die Geschichtsbilder, die sich die verschiedenen Str\u00f6mungen der spanischen Arbeiterbewegung vom B\u00fcrgerkrieg (1936-1939) machten. Der Autor stellt die wichtigsten Diskussionen und Entwicklungen des Antifranquismus dar. Er beschreibt das Zustandekommen der politischen Kompromisse der &#8222;Transici\u00f3n&#8220;, ohne die das heutige Spanien nicht zu verstehen ist.<\/p>\n","protected":false},"featured_media":16720,"template":"","meta":{"slim_seo":{"title":"Gegengeschichten oder Vers\u00f6hnung? - graswurzelrevolution","description":"Soziale Revolution versus Konterrevolution, antifaschistischer Kampf, Unabh\u00e4ngigkeitskrieg - vielf\u00e4ltig waren die Geschichtsbilder, die sich die verschiedenen S"}},"product_brand":[],"product_cat":[923],"product_tag":[991],"class_list":{"0":"post-15802","1":"product","2":"type-product","3":"status-publish","4":"has-post-thumbnail","6":"product_cat-buchverlag","7":"product_tag-spanische-revolution","9":"first","10":"instock","11":"taxable","12":"shipping-taxable","13":"purchasable","14":"product-type-simple"},"_links":{"self":[{"href":"https:\/\/www.graswurzel.net\/gwr\/wp-json\/wp\/v2\/product\/15802","targetHints":{"allow":["GET"]}}],"collection":[{"href":"https:\/\/www.graswurzel.net\/gwr\/wp-json\/wp\/v2\/product"}],"about":[{"href":"https:\/\/www.graswurzel.net\/gwr\/wp-json\/wp\/v2\/types\/product"}],"wp:featuredmedia":[{"embeddable":true,"href":"https:\/\/www.graswurzel.net\/gwr\/wp-json\/wp\/v2\/media\/16720"}],"wp:attachment":[{"href":"https:\/\/www.graswurzel.net\/gwr\/wp-json\/wp\/v2\/media?parent=15802"}],"wp:term":[{"taxonomy":"product_brand","embeddable":true,"href":"https:\/\/www.graswurzel.net\/gwr\/wp-json\/wp\/v2\/product_brand?post=15802"},{"taxonomy":"product_cat","embeddable":true,"href":"https:\/\/www.graswurzel.net\/gwr\/wp-json\/wp\/v2\/product_cat?post=15802"},{"taxonomy":"product_tag","embeddable":true,"href":"https:\/\/www.graswurzel.net\/gwr\/wp-json\/wp\/v2\/product_tag?post=15802"}],"curies":[{"name":"wp","href":"https:\/\/api.w.org\/{rel}","templated":true}]}}