{"id":32204,"date":"2025-01-23T20:21:24","date_gmt":"2025-01-23T18:21:24","guid":{"rendered":"https:\/\/www.graswurzel.net\/gwr\/?post_type=product&#038;p=32204"},"modified":"2026-01-30T20:11:41","modified_gmt":"2026-01-30T18:11:41","slug":"gefangenschaft-uberwinden","status":"publish","type":"product","link":"https:\/\/www.graswurzel.net\/gwr\/produkt\/gefangenschaft-uberwinden\/","title":{"rendered":"Gefangenschaft u\u0308berwinden!"},"content":{"rendered":"<p>Ella \/ UP1<\/p>\n<p><strong>Gefangenschaft \u00fcberwinden!<\/strong><\/p>\n<p>Aufruf zu Waldverteidigung und Personalienverweigerung<\/p>\n<p>112 S. |11 Abb. | 14,90 Euro | ISBN 978-3-939045-55-7<\/p>\n<p>Die Klimaaktivistin Ella sa\u00df nach der R\u00e4umung der Baumh\u00e4user zur Verteidigung des Dannenr\u00f6der Forsts 529 Tage in Haft. Sie erz\u00e4hlt in diesem sehr pers\u00f6nlich geschriebenen Buch von den Gerichtsprozessen, den Haftbedingungen und dem kr\u00e4ftezehrenden Kampf um kleinste Haftverbesserung wie etwa veganes Essen im Knast. Sie berichtet aber auch von der Solidarit\u00e4t im Gef\u00e4ngnis sowie der Unterst\u00fctzung f\u00fcr ihren Kampf gegen \u00dcberwachungsmethoden, die Preisgabe ihrer Personalien und Passangaben sowie erkennungsdienstliche Behandlungen. Nach ihrem Verst\u00e4ndnis hat der Staat nicht das Recht, \u00fcber ihre Identit\u00e4t und damit ihre Individualit\u00e4t zu verf\u00fcgen.<\/p>\n<p>Ella ist ein Pseudonym aus dem r\u00fcckw\u00e4rts gelesenen Wort \u201ealle\u201c. Ellas Geschichte steht also auch f\u00fcr all jene, die angesichts des Autowahn-Kapitalismus und seiner Wachstumsideologie f\u00fcr eine \u00f6kologische Utopie k\u00e4mpfen und sich mit zivilem Ungehorsam den Repressionen durch Polizei, Justiz und Gef\u00e4ngnis widersetzen.<\/p>\n<p>&nbsp;<\/p>\n<p>&nbsp;<\/p>\n<p>&nbsp;<\/p>\n","protected":false},"excerpt":{"rendered":"<p>Die Klimaaktivistin Ella sa\u00df nach der R\u00e4umung der Baumh\u00e4user zur Verteidigung des Dannenr\u00f6der Forsts 529 Tage in Haft. Sie erz\u00e4hlt in diesem sehr pers\u00f6nlich geschriebenen Buch von den Gerichtsprozessen, den Haftbedingungen und dem kr\u00e4ftezehrenden Kampf um kleinste Haftverbesserung wie etwa veganes Essen im Knast. Sie berichtet aber auch von der Solidarit\u00e4t im Gef\u00e4ngnis. Nach ihrem Verst\u00e4ndnis hat der Staat nicht das Recht, \u00fcber ihre Identit\u00e4t und damit ihre Individualit\u00e4t zu verf\u00fcgen.<\/p>\n","protected":false},"featured_media":32202,"template":"","meta":{"slim_seo":{"title":"Gefangenschaft u\u0308berwinden! - graswurzelrevolution","description":"Die Klimaaktivistin Ella sa\u00df nach der R\u00e4umung der Baumh\u00e4user zur Verteidigung des Dannenr\u00f6der Forsts 529 Tage in Haft. Sie erz\u00e4hlt in diesem sehr pers\u00f6nlich ges"}},"product_brand":[],"product_cat":[923],"product_tag":[],"class_list":{"0":"post-32204","1":"product","2":"type-product","3":"status-publish","4":"has-post-thumbnail","6":"product_cat-buchverlag","8":"first","9":"instock","10":"featured","11":"taxable","12":"shipping-taxable","13":"purchasable","14":"product-type-simple"},"_links":{"self":[{"href":"https:\/\/www.graswurzel.net\/gwr\/wp-json\/wp\/v2\/product\/32204","targetHints":{"allow":["GET"]}}],"collection":[{"href":"https:\/\/www.graswurzel.net\/gwr\/wp-json\/wp\/v2\/product"}],"about":[{"href":"https:\/\/www.graswurzel.net\/gwr\/wp-json\/wp\/v2\/types\/product"}],"wp:featuredmedia":[{"embeddable":true,"href":"https:\/\/www.graswurzel.net\/gwr\/wp-json\/wp\/v2\/media\/32202"}],"wp:attachment":[{"href":"https:\/\/www.graswurzel.net\/gwr\/wp-json\/wp\/v2\/media?parent=32204"}],"wp:term":[{"taxonomy":"product_brand","embeddable":true,"href":"https:\/\/www.graswurzel.net\/gwr\/wp-json\/wp\/v2\/product_brand?post=32204"},{"taxonomy":"product_cat","embeddable":true,"href":"https:\/\/www.graswurzel.net\/gwr\/wp-json\/wp\/v2\/product_cat?post=32204"},{"taxonomy":"product_tag","embeddable":true,"href":"https:\/\/www.graswurzel.net\/gwr\/wp-json\/wp\/v2\/product_tag?post=32204"}],"curies":[{"name":"wp","href":"https:\/\/api.w.org\/{rel}","templated":true}]}}